{"id":35038,"date":"2024-11-05T23:05:57","date_gmt":"2024-11-05T22:05:57","guid":{"rendered":"https:\/\/palolivo.com\/ueber\/"},"modified":"2026-02-07T08:44:26","modified_gmt":"2026-02-07T07:44:26","slug":"ueber","status":"publish","type":"page","link":"https:\/\/palolivo.com\/de\/ueber\/","title":{"rendered":"\u00dcber"},"content":{"rendered":"<p>[et_pb_section fb_built=&#8220;1&#8243; _builder_version=&#8220;4.27.2&#8243; _module_preset=&#8220;default&#8220; background_color=&#8220;#EAEBE6&#8243; global_colors_info=&#8220;{}&#8220;][et_pb_row column_structure=&#8220;1_3,2_3&#8243; _builder_version=&#8220;4.27.2&#8243; _module_preset=&#8220;default&#8220; global_colors_info=&#8220;{}&#8220; custom_padding=&#8220;||0px|||&#8220;][et_pb_column type=&#8220;1_3&#8243; _builder_version=&#8220;4.27.2&#8243; _module_preset=&#8220;default&#8220; global_colors_info=&#8220;{}&#8220;][et_pb_image src=&#8220;https:\/\/palolivo.com\/wp-content\/uploads\/2020\/08\/Palomino_Abuelo.jpg&#8220; title_text=&#8220;Palomino_Abuelo&#8220; _builder_version=&#8220;4.27.3&#8243; _module_preset=&#8220;default&#8220; custom_margin=&#8220;||0px||false|false&#8220; global_colors_info=&#8220;{}&#8220;][\/et_pb_image][et_pb_text _builder_version=&#8220;4.27.5&#8243; _module_preset=&#8220;default&#8220; text_font=&#8220;|600|||||||&#8220; text_font_size=&#8220;13px&#8220; text_line_height=&#8220;1.1em&#8220; min_height=&#8220;163.3px&#8220; custom_margin=&#8220;10px||0px||false|false&#8220; custom_padding=&#8220;||0px||false|false&#8220; hover_enabled=&#8220;0&#8243; global_colors_info=&#8220;{}&#8220; sticky_enabled=&#8220;0&#8243;]<\/p>\n<p>Gro\u00dfvater Eugenio Palomino neben einem Mandelbaum.<\/p>\n<p>[\/et_pb_text][\/et_pb_column][et_pb_column type=&#8220;2_3&#8243; _builder_version=&#8220;4.27.5&#8243; _module_preset=&#8220;default&#8220; global_colors_info=&#8220;{}&#8220;][et_pb_text _builder_version=&#8220;4.27.5&#8243; _module_preset=&#8220;default&#8220; text_font=&#8220;&#8211;et_global_body_font|&#8211;et_global_heading_font_weight|||||||&#8220; text_font_size=&#8220;20px&#8220; text_line_height=&#8220;1.3em&#8220; header_font=&#8220;|700|||||||&#8220; header_font_size=&#8220;75px&#8220; header_line_height=&#8220;1.1em&#8220; header_2_font_size=&#8220;25px&#8220; header_2_line_height=&#8220;1.2em&#8220; custom_margin=&#8220;0px||||false|false&#8220; text_font_size_tablet=&#8220;25px&#8220; text_font_size_phone=&#8220;16px&#8220; text_font_size_last_edited=&#8220;on|phone&#8220; header_font_size_tablet=&#8220;50px&#8220; header_font_size_phone=&#8220;35px&#8220; header_font_size_last_edited=&#8220;on|phone&#8220; header_2_font_size_tablet=&#8220;25px&#8220; header_2_font_size_phone=&#8220;17px&#8220; header_2_font_size_last_edited=&#8220;on|phone&#8220; global_colors_info=&#8220;{}&#8220;]<\/p>\n<h1>Unser Land ist reich an Traditionen und Aromen<\/h1>\n<p>Alcarria de Cuenca liegt im Herzen Spaniens und ist eine Region mit authentischen Landschaften und einem trockenen Klima, das f\u00fcr den Anbau von Olivenb\u00e4umen geeignet ist. Hier bringen die sonnenverw\u00f6hnten H\u00fcgel eine Olivensorte von au\u00dfergew\u00f6hnlicher Qualit\u00e4t hervor: La <strong>Verdeja<\/strong>, eine endemische Sorte dieser Region, ist das Juwel unseres Landes. Diese Olive wird zur Reifezeit im Oktober geerntet und sofort nach der Ernte kalt gepresst.  <\/p>\n<p>[\/et_pb_text][et_pb_text _builder_version=&#8220;4.27.5&#8243; _module_preset=&#8220;default&#8220; text_font=&#8220;&#8211;et_global_body_font|&#8211;et_global_heading_font_weight|||||||&#8220; text_font_size=&#8220;20px&#8220; text_line_height=&#8220;1.3em&#8220; header_font=&#8220;|700|||||||&#8220; header_font_size=&#8220;75px&#8220; header_line_height=&#8220;1.1em&#8220; header_2_font_size=&#8220;25px&#8220; header_2_line_height=&#8220;1.2em&#8220; custom_margin=&#8220;0px||||false|false&#8220; text_font_size_tablet=&#8220;25px&#8220; text_font_size_phone=&#8220;16px&#8220; text_font_size_last_edited=&#8220;on|phone&#8220; header_font_size_tablet=&#8220;50px&#8220; header_font_size_phone=&#8220;35px&#8220; header_font_size_last_edited=&#8220;on|phone&#8220; header_2_font_size_tablet=&#8220;25px&#8220; header_2_font_size_phone=&#8220;17px&#8220; header_2_font_size_last_edited=&#8220;on|phone&#8220; global_colors_info=&#8220;{}&#8220;]<\/p>\n<h1>Eine Familiengeschichte<\/h1>\n<p>Pal&#8217;Olivo ist mehr als ein Unternehmen, es ist in erster Linie eine Familiengeschichte, eine Leidenschaft f\u00fcr das Land und seine Fr\u00fcchte und vor allem f\u00fcr die langen Momente, die wir am Tisch verbringen. Inspiriert von unseren Gro\u00dfeltern, die uns die Liebe zur guten Arbeit und den Respekt f\u00fcr das Land vermittelten, haben wir beschlossen, das Erbe fortzusetzen und ein hochwertiges natives Bio-Oliven\u00f6l extra herzustellen. Jedes Familienmitglied spielt eine wichtige Rolle in unserem Projekt und vereint Know-how, Innovation und Hingabe.  <\/p>\n<p>&nbsp;<\/p>\n<p>[\/et_pb_text][\/et_pb_column][\/et_pb_row][et_pb_row column_structure=&#8220;1_4,1_4,1_4,1_4&#8243; _builder_version=&#8220;4.16&#8243; _module_preset=&#8220;default&#8220; global_colors_info=&#8220;{}&#8220;][et_pb_column type=&#8220;1_4&#8243; _builder_version=&#8220;4.16&#8243; _module_preset=&#8220;default&#8220; global_colors_info=&#8220;{}&#8220;][et_pb_team_member name=&#8220;Angel Palomino de la Oliva&#8220; position=&#8220;Produzent und Mitbegr\u00fcnder&#8220; image_url=&#8220;https:\/\/palolivo.com\/wp-content\/uploads\/2021\/10\/PAL_ANGL.jpg&#8220; icon_color=&#8220;#0A0A0A&#8220; _builder_version=&#8220;4.27.2&#8243; _module_preset=&#8220;default&#8220; header_font=&#8220;|700|||||||&#8220; header_font_size=&#8220;20px&#8220; header_line_height=&#8220;1.1em&#8220; body_font=&#8220;|700|||||||&#8220; body_font_size=&#8220;16px&#8220; position_font=&#8220;|300|||||||&#8220; position_text_color=&#8220;#aaaaaa&#8220; position_line_height=&#8220;2em&#8220; body_link_text_color=&#8220;#aaaaaa&#8220; border_radii_image=&#8220;on|200px|200px|200px|200px&#8220; global_colors_info=&#8220;{}&#8220;]<\/p>\n<p><span>Mit Sitz in Buendia, Cuenca. Angel ist es, der das ganze Jahr \u00fcber mit den Olivenb\u00e4umen fl\u00fcstert, damit wir Ihnen das beste native Bio-Oliven\u00f6l extra liefern k\u00f6nnen. Seine gute Laune und sein Sinn f\u00fcr Humor beleben die w\u00f6chentlichen Treffen.  <\/span><\/p>\n<p>[\/et_pb_team_member][\/et_pb_column][et_pb_column type=&#8220;1_4&#8243; _builder_version=&#8220;4.16&#8243; _module_preset=&#8220;default&#8220; global_colors_info=&#8220;{}&#8220;][et_pb_team_member name=&#8220;Jesus Perez Palomino&#8220; position=&#8220;Direktor und Mitbegr\u00fcnder&#8220; image_url=&#8220;https:\/\/palolivo.com\/wp-content\/uploads\/2022\/09\/jesus-team-1.jpg&#8220; icon_color=&#8220;#0A0A0A&#8220; _builder_version=&#8220;4.18.0&#8243; _module_preset=&#8220;default&#8220; header_font=&#8220;|700|||||||&#8220; header_font_size=&#8220;20px&#8220; header_line_height=&#8220;1.1em&#8220; body_font=&#8220;|700|||||||&#8220; body_font_size=&#8220;16px&#8220; position_font=&#8220;|300|||||||&#8220; position_text_color=&#8220;#aaaaaa&#8220; position_line_height=&#8220;2em&#8220; body_link_text_color=&#8220;#aaaaaa&#8220; border_radii_image=&#8220;on|200px|200px|200px|200px&#8220; global_colors_info=&#8220;{}&#8220;]<\/p>\n<p><span>Jesus, genannt &#8218;El Abuelo&#8216;, ist Buchhalter, Import-Export-Experte, verantwortlich f\u00fcr den Bestand und die Ausgaben und viele andere Aufgaben, um sicherzustellen, dass wir Ihnen \u00d6l liefern k\u00f6nnen.<\/span><\/p>\n<p>[\/et_pb_team_member][\/et_pb_column][et_pb_column type=&#8220;1_4&#8243; _builder_version=&#8220;4.16&#8243; _module_preset=&#8220;default&#8220; global_colors_info=&#8220;{}&#8220;][et_pb_team_member name=&#8220;David Perez&#8220; position=&#8220;Kreativer und Mitbegr\u00fcnder&#8220; image_url=&#8220;https:\/\/palolivo.com\/wp-content\/uploads\/2022\/09\/david-team-1.jpg&#8220; icon_color=&#8220;#0A0A0A&#8220; _builder_version=&#8220;4.27.3&#8243; _module_preset=&#8220;default&#8220; header_font=&#8220;|700|||||||&#8220; header_font_size=&#8220;20px&#8220; header_line_height=&#8220;1.1em&#8220; body_font=&#8220;|700|||||||&#8220; body_font_size=&#8220;16px&#8220; position_font=&#8220;|300|||||||&#8220; position_text_color=&#8220;#aaaaaa&#8220; position_line_height=&#8220;2em&#8220; body_link_text_color=&#8220;#aaaaaa&#8220; border_radii_image=&#8220;on|200px|200px|200px|200px&#8220; global_colors_info=&#8220;{}&#8220;]<\/p>\n<p><span>David ist spanisch-r\u00f6misch und lebt in Schaffhausen. Er ist f\u00fcr unser Markenimage, die Verpackung, die Flaschen, die Etiketten und andere kreative Aufgaben verantwortlich.  <a href=\"https:\/\/www.instagram.com\/perezdavid\/\">@perezdavid<\/a><\/span><span><\/span><\/p>\n<p><span><\/span><\/p>\n<p>[\/et_pb_team_member][\/et_pb_column][et_pb_column type=&#8220;1_4&#8243; _builder_version=&#8220;4.16&#8243; _module_preset=&#8220;default&#8220; global_colors_info=&#8220;{}&#8220;][et_pb_team_member name=&#8220;Ana\u00efs Perez&#8220; position=&#8220;Koordinatorin f\u00fcr Kommunikation&#8220; image_url=&#8220;https:\/\/palolivo.com\/wp-content\/uploads\/2022\/09\/anais-team-1.jpg&#8220; icon_color=&#8220;#0A0A0A&#8220; _builder_version=&#8220;4.27.2&#8243; _module_preset=&#8220;default&#8220; header_font=&#8220;|700|||||||&#8220; header_font_size=&#8220;20px&#8220; header_line_height=&#8220;1.1em&#8220; body_font=&#8220;|700|||||||&#8220; body_font_size=&#8220;16px&#8220; position_font=&#8220;|300|||||||&#8220; position_text_color=&#8220;#aaaaaa&#8220; position_line_height=&#8220;2em&#8220; body_link_text_color=&#8220;#aaaaaa&#8220; border_radii_image=&#8220;on|200px|200px|200px|200px&#8220; global_colors_info=&#8220;{}&#8220;]<\/p>\n<p><span>Unsere Tochter, Schwester, Cousine, Mutter und Kollegin Ana\u00efs  <\/span><span>die uns bei der Kommunikation mit Ihnen hilft und sich um die Entwicklung der Erfahrungen unserer lieben Paten k\u00fcmmert. Sie ist auch f\u00fcr einige Beitr\u00e4ge in unseren sozialen Netzwerken verantwortlich.   <a href=\"https:\/\/www.instagram.com\/naispe\/\">@naispe<\/a><\/span><\/p>\n<p>[\/et_pb_team_member][\/et_pb_column][\/et_pb_row][et_pb_row _builder_version=&#8220;4.27.5&#8243; _module_preset=&#8220;default&#8220; custom_padding=&#8220;|35px||35px|true|true&#8220; box_shadow_style=&#8220;preset4&#8243; global_colors_info=&#8220;{}&#8220; border_radii=&#8220;on|10px|10px|10px|10px&#8220; border_width_all=&#8220;2px&#8220; border_color_all=&#8220;#0A0A0A&#8220; box_shadow_horizontal=&#8220;5px&#8220; box_shadow_vertical=&#8220;5px&#8220; box_shadow_color=&#8220;#0A0A0A&#8220;][et_pb_column type=&#8220;4_4&#8243; _builder_version=&#8220;4.27.5&#8243; _module_preset=&#8220;default&#8220; hover_enabled=&#8220;0&#8243; global_colors_info=&#8220;{}&#8220; sticky_enabled=&#8220;0&#8243;][et_pb_text _builder_version=&#8220;4.27.2&#8243; _module_preset=&#8220;default&#8220; header_font=&#8220;|700|||||||&#8220; header_line_height=&#8220;1.1em&#8220; header_font_size_tablet=&#8220;50px&#8220; header_font_size_phone=&#8220;35px&#8220; header_font_size_last_edited=&#8220;on|phone&#8220; global_colors_info=&#8220;{}&#8220;]<\/p>\n<h1>Entdecken Sie unsere nativen Bio-Oliven\u00f6le extra<\/h1>\n<p>[\/et_pb_text][et_pb_shop posts_number=&#8220;2&#8243; hover_overlay_color=&#8220;rgba(10,10,10,0.5)&#8220; show_rating=&#8220;off&#8220; show_sale_badge=&#8220;off&#8220; _builder_version=&#8220;4.27.5&#8243; _module_preset=&#8220;default&#8220; title_font=&#8220;|700|||||||&#8220; title_font_size=&#8220;16px&#8220; title_line_height=&#8220;1.1em&#8220; price_font=&#8220;|700|||||||&#8220; price_font_size=&#8220;16px&#8220; hover_enabled=&#8220;0&#8243; global_colors_info=&#8220;{}&#8220; columns_number=&#8220;4&#8243; sticky_enabled=&#8220;0&#8243;][\/et_pb_shop][et_pb_button button_url=&#8220;@ET-DC@eyJkeW5hbWljIjp0cnVlLCJjb250ZW50IjoicG9zdF9saW5rX3VybF9wYWdlIiwic2V0dGluZ3MiOnsicG9zdF9pZCI6IjI2MDA1In19@&#8220; button_text=&#8220;Online-Shop&#8220; button_alignment=&#8220;center&#8220; _builder_version=&#8220;4.27.2&#8243; _dynamic_attributes=&#8220;button_url&#8220; _module_preset=&#8220;default&#8220; custom_button=&#8220;on&#8220; button_text_color=&#8220;#FFFFFF&#8220; button_bg_color=&#8220;#0A0A0A&#8220; global_colors_info=&#8220;{}&#8220;][\/et_pb_button][\/et_pb_column][\/et_pb_row][et_pb_row _builder_version=&#8220;4.27.5&#8243; _module_preset=&#8220;default&#8220; column_structure=&#8220;1_2,1_2&#8243;][et_pb_column _builder_version=&#8220;4.27.5&#8243; _module_preset=&#8220;default&#8220; type=&#8220;1_2&#8243;][et_pb_text _builder_version=&#8220;4.27.5&#8243; _module_preset=&#8220;default&#8220; hover_enabled=&#8220;0&#8243; sticky_enabled=&#8220;0&#8243;]<\/p>\n<p><strong>Physische Adresse Schweiz:<\/strong><\/p>\n<p>Pal&#8217;Alcarria SL &#8211; Schweizer Niederlassung in Villeneuve<br \/>Route de la Rivaz 21<br \/>1844 Villeneuve, Vaud, Schweiz<\/p>\n<p><strong>Koordinaten:  <\/strong><\/p>\n<p><a href=\"mailto:info@palolivo.com\">info@palolivo.com<\/a><\/p>\n<p>[\/et_pb_text][\/et_pb_column][et_pb_column _builder_version=&#8220;4.27.5&#8243; _module_preset=&#8220;default&#8220; type=&#8220;1_2&#8243;][et_pb_text _builder_version=&#8220;4.27.5&#8243; _module_preset=&#8220;default&#8220; hover_enabled=&#8220;0&#8243; sticky_enabled=&#8220;0&#8243;]<\/p>\n<p><strong>Physische Adresse Spanien:<\/strong><\/p>\n<p>Pal&#8217;Alcarria SL<br \/>Carretera Saced\u00f3n, KM 42, 16512 Buend\u00eda, Cuenca, Spanien<\/p>\n<p><strong>N.I.F:<\/strong> <span>B01883537<\/span><\/p>\n<p>[\/et_pb_text][\/et_pb_column][\/et_pb_row][et_pb_row _builder_version=&#8220;4.27.2&#8243; _module_preset=&#8220;default&#8220; custom_margin=&#8220;35px||||false|false&#8220; global_colors_info=&#8220;{}&#8220;][et_pb_column type=&#8220;4_4&#8243; _builder_version=&#8220;4.27.2&#8243; _module_preset=&#8220;default&#8220; global_colors_info=&#8220;{}&#8220;][et_pb_text _builder_version=&#8220;4.27.5&#8243; _module_preset=&#8220;default&#8220; text_font=&#8220;&#8211;et_global_body_font|&#8211;et_global_heading_font_weight|||||||&#8220; text_font_size=&#8220;20px&#8220; text_line_height=&#8220;1.3em&#8220; header_font=&#8220;|700|||||||&#8220; header_line_height=&#8220;1.1em&#8220; header_2_font_size=&#8220;25px&#8220; header_2_line_height=&#8220;1.2em&#8220; custom_margin=&#8220;0px||||false|false&#8220; text_font_size_tablet=&#8220;25px&#8220; text_font_size_phone=&#8220;16px&#8220; text_font_size_last_edited=&#8220;on|phone&#8220; header_font_size_tablet=&#8220;50px&#8220; header_font_size_phone=&#8220;35px&#8220; header_font_size_last_edited=&#8220;on|phone&#8220; header_2_font_size_tablet=&#8220;25px&#8220; header_2_font_size_phone=&#8220;17px&#8220; header_2_font_size_last_edited=&#8220;on|phone&#8220; global_colors_info=&#8220;{}&#8220;]<\/p>\n<h1><strong>Unsere Partern in Ihrer N\u00e4he<\/strong><\/h1>\n<p>Wir sind stolz darauf, mit vertrauensw\u00fcrdigen Partnern zusammenzuarbeiten, die unsere Werte und unser Engagement f\u00fcr Qualit\u00e4t teilen. Unsere nativen Bio-Oliven\u00f6le extra finden Sie in den folgenden Gesch\u00e4ften. <\/p>\n<p>&nbsp;<\/p>\n<p>[\/et_pb_text][\/et_pb_column][\/et_pb_row][et_pb_row column_structure=&#8220;1_4,1_4,1_4,1_4&#8243; _builder_version=&#8220;4.27.2&#8243; _module_preset=&#8220;default&#8220; global_colors_info=&#8220;{}&#8220;][et_pb_column type=&#8220;1_4&#8243; _builder_version=&#8220;4.27.2&#8243; _module_preset=&#8220;default&#8220; global_colors_info=&#8220;{}&#8220;][et_pb_team_member name=&#8220;Lieblinge &#8211; Sch\u00f6nes zum Liebhaben&#8220; position=&#8220;Schaffhausen, CH&#8220; image_url=&#8220;https:\/\/palolivo.com\/wp-content\/uploads\/2024\/11\/lieblings-logo.png&#8220; _builder_version=&#8220;4.27.2&#8243; _module_preset=&#8220;default&#8220; header_font=&#8220;|700|||||||&#8220; header_font_size=&#8220;22px&#8220; header_line_height=&#8220;1.2em&#8220; body_font_size=&#8220;16px&#8220; body_line_height=&#8220;1.5em&#8220; position_font=&#8220;|700|||||||&#8220; position_font_size=&#8220;16px&#8220; position_line_height=&#8220;2em&#8220; body_link_font=&#8220;|700|||||||&#8220; body_link_text_color=&#8220;#0A0A0A&#8220; custom_padding=&#8220;20px|25px|20px|25px|true|true&#8220; box_shadow_style=&#8220;preset3&#8243; locked=&#8220;off&#8220; global_colors_info=&#8220;{}&#8220;]<\/p>\n<p><a href=\"https:\/\/www.lieblings.ch\/\" target=\"_blank\" rel=\"noopener\"><span>Website<\/span><\/a><\/p>\n<p>[\/et_pb_team_member][\/et_pb_column][et_pb_column type=&#8220;1_4&#8243; _builder_version=&#8220;4.27.2&#8243; _module_preset=&#8220;default&#8220; global_colors_info=&#8220;{}&#8220;][et_pb_team_member name=&#8220;El Torreon &#8211; Restaurante&#8220; position=&#8220;Cuenca, ES&#8220; image_url=&#8220;https:\/\/palolivo.com\/wp-content\/uploads\/2024\/11\/Logo-Torreon-negro.png&#8220; _builder_version=&#8220;4.27.2&#8243; _module_preset=&#8220;default&#8220; header_font=&#8220;|700|||||||&#8220; header_font_size=&#8220;22px&#8220; header_line_height=&#8220;1.2em&#8220; body_font_size=&#8220;16px&#8220; body_line_height=&#8220;1.5em&#8220; position_font=&#8220;|700|||||||&#8220; position_font_size=&#8220;16px&#8220; position_line_height=&#8220;2em&#8220; body_link_font=&#8220;|700|||||||&#8220; body_link_text_color=&#8220;#0A0A0A&#8220; custom_padding=&#8220;20px|25px|20px|25px|true|true&#8220; box_shadow_style=&#8220;preset3&#8243; locked=&#8220;off&#8220; global_colors_info=&#8220;{}&#8220;]<\/p>\n<p><a href=\"https:\/\/eltorreoncuenca.com\/\" target=\"_blank\" rel=\"noopener\"><span>Website<\/span><\/a><\/p>\n<p>[\/et_pb_team_member][\/et_pb_column][et_pb_column type=&#8220;1_4&#8243; _builder_version=&#8220;4.27.2&#8243; _module_preset=&#8220;default&#8220; global_colors_info=&#8220;{}&#8220;][et_pb_team_member name=&#8220;Super By Dot&#8220; position=&#8220;Madrid, ES&#8220; image_url=&#8220;https:\/\/palolivo.com\/wp-content\/uploads\/2024\/11\/logotipo_super.png&#8220; _builder_version=&#8220;4.27.2&#8243; _module_preset=&#8220;default&#8220; header_font=&#8220;|700|||||||&#8220; header_font_size=&#8220;22px&#8220; header_line_height=&#8220;1.2em&#8220; body_font_size=&#8220;16px&#8220; body_line_height=&#8220;1.5em&#8220; position_font=&#8220;|700|||||||&#8220; position_font_size=&#8220;16px&#8220; position_line_height=&#8220;2em&#8220; body_link_font=&#8220;|700|||||||&#8220; body_link_text_color=&#8220;#0A0A0A&#8220; custom_padding=&#8220;20px|25px|20px|25px|true|true&#8220; box_shadow_style=&#8220;preset3&#8243; locked=&#8220;off&#8220; global_colors_info=&#8220;{}&#8220;]<\/p>\n<p><a href=\"https:\/\/superbydot.com\/en\/\" target=\"_blank\" rel=\"noopener\"><span>Website<\/span><\/a><\/p>\n<p>[\/et_pb_team_member][\/et_pb_column][et_pb_column type=&#8220;1_4&#8243; _builder_version=&#8220;4.27.2&#8243; _module_preset=&#8220;default&#8220; global_colors_info=&#8220;{}&#8220;][et_pb_team_member name=&#8220;Feinkostladen &quot;Les Deux Couteaux&quot; (Zwei Messer)&#8220; position=&#8220;Chernex, CH&#8220; facebook_url=&#8220;https:\/\/www.facebook.com\/p\/Epicerie-Fine-aux-Deux-Couteaux-100063581893102\/?locale=fr_FR&#8220; _builder_version=&#8220;4.27.2&#8243; _module_preset=&#8220;default&#8220; header_font=&#8220;|700|||||||&#8220; header_font_size=&#8220;26px&#8220; header_line_height=&#8220;1.2em&#8220; body_font_size=&#8220;16px&#8220; body_line_height=&#8220;1.5em&#8220; position_font=&#8220;|700|||||||&#8220; position_font_size=&#8220;16px&#8220; position_line_height=&#8220;2em&#8220; body_link_font=&#8220;|700|||||||&#8220; body_link_text_color=&#8220;#0A0A0A&#8220; custom_padding=&#8220;20px|25px|20px|25px|true|true&#8220; box_shadow_style=&#8220;preset3&#8243; locked=&#8220;off&#8220; global_colors_info=&#8220;{}&#8220;]<\/p>\n<p>Familie Mercanton, Rue des Deux Fontaines 2, 1822 Chernex<\/p>\n<p>[\/et_pb_team_member][\/et_pb_column][\/et_pb_row][et_pb_row _builder_version=&#8220;4.27.2&#8243; _module_preset=&#8220;default&#8220; global_colors_info=&#8220;{}&#8220;][et_pb_column type=&#8220;4_4&#8243; _builder_version=&#8220;4.27.2&#8243; _module_preset=&#8220;default&#8220; global_colors_info=&#8220;{}&#8220;][et_pb_divider color=&#8220;#0A0A0A&#8220; _builder_version=&#8220;4.27.2&#8243; _module_preset=&#8220;default&#8220; custom_margin=&#8220;35px||0px||false|false&#8220; global_colors_info=&#8220;{}&#8220;][\/et_pb_divider][et_pb_text _builder_version=&#8220;4.27.5&#8243; _module_preset=&#8220;default&#8220; text_font=&#8220;&#8211;et_global_body_font|&#8211;et_global_heading_font_weight|||||||&#8220; text_font_size=&#8220;20px&#8220; text_line_height=&#8220;1.3em&#8220; header_font=&#8220;|700|||||||&#8220; header_line_height=&#8220;1.1em&#8220; header_2_font_size=&#8220;25px&#8220; header_2_line_height=&#8220;1.2em&#8220; custom_margin=&#8220;0px||||false|false&#8220; text_font_size_tablet=&#8220;25px&#8220; text_font_size_phone=&#8220;16px&#8220; text_font_size_last_edited=&#8220;on|phone&#8220; header_font_size_tablet=&#8220;50px&#8220; header_font_size_phone=&#8220;35px&#8220; header_font_size_last_edited=&#8220;on|phone&#8220; header_2_font_size_tablet=&#8220;25px&#8220; header_2_font_size_phone=&#8220;17px&#8220; header_2_font_size_last_edited=&#8220;on|phone&#8220; global_colors_info=&#8220;{}&#8220;]<\/p>\n<h1><strong>M\u00f6chten Sie Partner werden?<\/strong><\/h1>\n<p><span>Kommen Sie zu uns und teilen Sie den authentischen Geschmack von Alcarria! F\u00fcllen Sie das Formular aus und lassen Sie uns gemeinsam die M\u00f6glichkeiten entdecken. <\/span><\/p>\n<p>[\/et_pb_text][et_pb_contact_form _builder_version=&#8220;4.27.2&#8243; _module_preset=&#8220;default&#8220; _unique_id=&#8220;39283a6f-a87d-45de-a1dd-17bc678fd7ff&#8220; form_field_background_color=&#8220;#FFFFFF&#8220; form_field_text_color=&#8220;#aaaaaa&#8220; form_field_font=&#8220;|700|||||||&#8220; custom_button=&#8220;on&#8220; button_text_color=&#8220;#FFFFFF&#8220; button_bg_color=&#8220;#0A0A0A&#8220; button_font=&#8220;|700|||||||&#8220; custom_margin=&#8220;35px||||false|false&#8220; box_shadow_style=&#8220;preset3&#8243; global_colors_info=&#8220;{}&#8220;][et_pb_contact_field field_id=&#8220;Name&#8220; field_title=&#8220;Name&#8220; _builder_version=&#8220;4.16&#8243; global_colors_info=&#8220;{}&#8220; button_text_size__hover_enabled=&#8220;off&#8220; button_one_text_size__hover_enabled=&#8220;off&#8220; button_two_text_size__hover_enabled=&#8220;off&#8220; button_text_color__hover_enabled=&#8220;off&#8220; button_one_text_color__hover_enabled=&#8220;off&#8220; button_two_text_color__hover_enabled=&#8220;off&#8220; button_border_width__hover_enabled=&#8220;off&#8220; button_one_border_width__hover_enabled=&#8220;off&#8220; button_two_border_width__hover_enabled=&#8220;off&#8220; button_border_color__hover_enabled=&#8220;off&#8220; button_one_border_color__hover_enabled=&#8220;off&#8220; button_two_border_color__hover_enabled=&#8220;off&#8220; button_border_radius__hover_enabled=&#8220;off&#8220; button_one_border_radius__hover_enabled=&#8220;off&#8220; button_two_border_radius__hover_enabled=&#8220;off&#8220; button_letter_spacing__hover_enabled=&#8220;off&#8220; button_one_letter_spacing__hover_enabled=&#8220;off&#8220; button_two_letter_spacing__hover_enabled=&#8220;off&#8220; button_bg_color__hover_enabled=&#8220;off&#8220; button_one_bg_color__hover_enabled=&#8220;off&#8220; button_two_bg_color__hover_enabled=&#8220;off&#8220;][\/et_pb_contact_field][et_pb_contact_field field_id=&#8220;Email&#8220; field_title=&#8220;E-Mail-Adresse&#8220; field_type=&#8220;email&#8220; _builder_version=&#8220;4.16&#8243; global_colors_info=&#8220;{}&#8220; button_text_size__hover_enabled=&#8220;off&#8220; button_one_text_size__hover_enabled=&#8220;off&#8220; button_two_text_size__hover_enabled=&#8220;off&#8220; button_text_color__hover_enabled=&#8220;off&#8220; button_one_text_color__hover_enabled=&#8220;off&#8220; button_two_text_color__hover_enabled=&#8220;off&#8220; button_border_width__hover_enabled=&#8220;off&#8220; button_one_border_width__hover_enabled=&#8220;off&#8220; button_two_border_width__hover_enabled=&#8220;off&#8220; button_border_color__hover_enabled=&#8220;off&#8220; button_one_border_color__hover_enabled=&#8220;off&#8220; button_two_border_color__hover_enabled=&#8220;off&#8220; button_border_radius__hover_enabled=&#8220;off&#8220; button_one_border_radius__hover_enabled=&#8220;off&#8220; button_two_border_radius__hover_enabled=&#8220;off&#8220; button_letter_spacing__hover_enabled=&#8220;off&#8220; button_one_letter_spacing__hover_enabled=&#8220;off&#8220; button_two_letter_spacing__hover_enabled=&#8220;off&#8220; button_bg_color__hover_enabled=&#8220;off&#8220; button_one_bg_color__hover_enabled=&#8220;off&#8220; button_two_bg_color__hover_enabled=&#8220;off&#8220;][\/et_pb_contact_field][et_pb_contact_field field_id=&#8220;Message&#8220; field_title=&#8220;Nachricht&#8220; field_type=&#8220;text&#8220; fullwidth_field=&#8220;on&#8220; _builder_version=&#8220;4.16&#8243; global_colors_info=&#8220;{}&#8220; button_text_size__hover_enabled=&#8220;off&#8220; button_one_text_size__hover_enabled=&#8220;off&#8220; button_two_text_size__hover_enabled=&#8220;off&#8220; button_text_color__hover_enabled=&#8220;off&#8220; button_one_text_color__hover_enabled=&#8220;off&#8220; button_two_text_color__hover_enabled=&#8220;off&#8220; button_border_width__hover_enabled=&#8220;off&#8220; button_one_border_width__hover_enabled=&#8220;off&#8220; button_two_border_width__hover_enabled=&#8220;off&#8220; button_border_color__hover_enabled=&#8220;off&#8220; button_one_border_color__hover_enabled=&#8220;off&#8220; button_two_border_color__hover_enabled=&#8220;off&#8220; button_border_radius__hover_enabled=&#8220;off&#8220; button_one_border_radius__hover_enabled=&#8220;off&#8220; button_two_border_radius__hover_enabled=&#8220;off&#8220; button_letter_spacing__hover_enabled=&#8220;off&#8220; button_one_letter_spacing__hover_enabled=&#8220;off&#8220; button_two_letter_spacing__hover_enabled=&#8220;off&#8220; button_bg_color__hover_enabled=&#8220;off&#8220; button_one_bg_color__hover_enabled=&#8220;off&#8220; button_two_bg_color__hover_enabled=&#8220;off&#8220;][\/et_pb_contact_field][\/et_pb_contact_form][\/et_pb_column][\/et_pb_row][\/et_pb_section]<\/p>\n","protected":false},"excerpt":{"rendered":"<p>Gro\u00dfvater Eugenio Palomino neben einem Mandelbaum.Unser Land ist reich an Traditionen und Aromen Alcarria de Cuenca liegt im Herzen Spaniens und ist eine Region mit authentischen Landschaften und einem trockenen Klima, das f\u00fcr den Anbau von Olivenb\u00e4umen geeignet ist. Hier bringen die sonnenverw\u00f6hnten H\u00fcgel eine Olivensorte von au\u00dfergew\u00f6hnlicher Qualit\u00e4t hervor: La Verdeja, eine endemische Sorte [&hellip;]<\/p>\n","protected":false},"author":1,"featured_media":0,"parent":0,"menu_order":0,"comment_status":"closed","ping_status":"closed","template":"","meta":{"_et_pb_use_builder":"on","_et_pb_old_content":"","_et_gb_content_width":"","footnotes":""},"class_list":["post-35038","page","type-page","status-publish","hentry"],"_links":{"self":[{"href":"https:\/\/palolivo.com\/de\/wp-json\/wp\/v2\/pages\/35038","targetHints":{"allow":["GET"]}}],"collection":[{"href":"https:\/\/palolivo.com\/de\/wp-json\/wp\/v2\/pages"}],"about":[{"href":"https:\/\/palolivo.com\/de\/wp-json\/wp\/v2\/types\/page"}],"author":[{"embeddable":true,"href":"https:\/\/palolivo.com\/de\/wp-json\/wp\/v2\/users\/1"}],"replies":[{"embeddable":true,"href":"https:\/\/palolivo.com\/de\/wp-json\/wp\/v2\/comments?post=35038"}],"version-history":[{"count":0,"href":"https:\/\/palolivo.com\/de\/wp-json\/wp\/v2\/pages\/35038\/revisions"}],"wp:attachment":[{"href":"https:\/\/palolivo.com\/de\/wp-json\/wp\/v2\/media?parent=35038"}],"curies":[{"name":"wp","href":"https:\/\/api.w.org\/{rel}","templated":true}]}}